{"id":84,"date":"2023-03-06T16:21:09","date_gmt":"2023-03-06T15:21:09","guid":{"rendered":"https:\/\/broed.destaatvancreatie.nl\/?page_id=84"},"modified":"2025-07-21T13:25:29","modified_gmt":"2025-07-21T11:25:29","slug":"over-broed","status":"publish","type":"page","link":"https:\/\/biodiversiteit.frl\/broed\/over-broed\/","title":{"rendered":"Over BROED"},"content":{"rendered":"<div class=\"wpb-content-wrapper\">[vc_row css=&#8221;.vc_custom_1678179384059{padding-top: 0px !important;}&#8221;][vc_column width=&#8221;2\/3&#8243; offset=&#8221;vc_col-lg-offset-2 vc_col-md-offset-2 vc_col-sm-offset-2&#8243;][vc_column_text text_align=&#8221;center&#8221;]\n<p class=\"null\">BROED Biodiversiteitsfestival geeft je handige tools en tips om zelf aan de slag te gaan met biodiversiteit.<\/p>\n[\/vc_column_text][\/vc_column][\/vc_row][vc_row][vc_column][vc_row_inner gap=&#8221;10&#8243;][vc_column_inner width=&#8221;1\/2&#8243;]<h2 class=\"vcex-heading vcex-heading-plain vcex-module wpex-heading wpex-text-2xl\"><span class=\"vcex-heading-inner wpex-inline-block\">BROED is h\u00e9t platform voor biodiversiteit in beweging<\/span><\/h2>[vc_column_text css=&#8221;&#8221;]Tijdens de Gaasterlandse Natuurweek vind je ook BROED 2025 \u2013 van 19 t\/m 26 oktober: brengen we mensen, kennis en creativiteit samen rond \u00e9\u00e9n centrale vraag: Wat kun jij doen voor biodiversiteit? In het landschap van Gaasterland cre\u00ebren we ruimte voor ontmoeting, uitwisseling en nieuwe initiatieven.[\/vc_column_text][\/vc_column_inner][vc_column_inner width=&#8221;1\/2&#8243;]<figure class=\"vcex-image vcex-module\"><div class=\"vcex-image-inner wpex-relative wpex-inline-block\"><img width=\"1200\" height=\"800\" src=\"https:\/\/biodiversiteit.frl\/broed\/wp-content\/uploads\/2025\/07\/117.-BROED-2024-Fotograaf-Marcel-van-Kammen.jpg\" class=\"vcex-image-img wpex-align-middle\" alt=\"\" loading=\"lazy\" decoding=\"async\" srcset=\"https:\/\/biodiversiteit.frl\/broed\/wp-content\/uploads\/2025\/07\/117.-BROED-2024-Fotograaf-Marcel-van-Kammen.jpg 1200w, https:\/\/biodiversiteit.frl\/broed\/wp-content\/uploads\/2025\/07\/117.-BROED-2024-Fotograaf-Marcel-van-Kammen-300x200.jpg 300w, https:\/\/biodiversiteit.frl\/broed\/wp-content\/uploads\/2025\/07\/117.-BROED-2024-Fotograaf-Marcel-van-Kammen-1024x683.jpg 1024w, https:\/\/biodiversiteit.frl\/broed\/wp-content\/uploads\/2025\/07\/117.-BROED-2024-Fotograaf-Marcel-van-Kammen-768x512.jpg 768w\" sizes=\"auto, (max-width: 1200px) 100vw, 1200px\" \/><\/div><\/figure>[\/vc_column_inner][\/vc_row_inner][\/vc_column][\/vc_row][vc_row][vc_column][vc_row_inner gap=&#8221;10&#8243;][vc_column_inner width=&#8221;1\/6&#8243;][\/vc_column_inner][vc_column_inner width=&#8221;2\/3&#8243;]<h2 class=\"vcex-heading vcex-heading-plain vcex-module wpex-heading wpex-text-2xl\"><span class=\"vcex-heading-inner wpex-inline-block\">Programma 2025<\/span><\/h2>[vc_column_text css=&#8221;&#8221;]\n<p data-start=\"667\" data-end=\"828\">BROED 2025 bestaat uit drie publieksmomenten, verspreid over \u00e9\u00e9n week. Ieder moment heeft een eigen focus, maar altijd met biodiversiteitsherstel als rode draad:<\/p>\n<ul data-start=\"830\" data-end=\"1525\">\n<li data-start=\"830\" data-end=\"1077\">\n<p data-start=\"832\" data-end=\"1077\"><strong data-start=\"835\" data-end=\"889\">Zondag 19 oktober \u2013 BROED-plein op de Groene Markt<\/strong><br data-start=\"889\" data-end=\"892\" \/>Een sfeervol en creatief plein vol minicolleges, workshops en culturele interventies. Voor iedereen die wil kennismaken met biodiversiteit op een laagdrempelige en verrassende manier.<\/p>\n<\/li>\n<li data-start=\"1079\" data-end=\"1288\">\n<p data-start=\"1081\" data-end=\"1288\"><strong data-start=\"1084\" data-end=\"1125\">Donderdag 23 oktober \u2013 BROED4Business<\/strong><br data-start=\"1125\" data-end=\"1128\" \/>Een dagvullend programma voor Friese bedrijven die werk willen maken van biodiversiteit. Met kennis, praktijkvoorbeelden en handvatten om aan de slag te gaan.<\/p>\n<\/li>\n<li data-start=\"1290\" data-end=\"1525\">\n<p data-start=\"1292\" data-end=\"1525\"><strong data-start=\"1295\" data-end=\"1340\">Zondag 26 oktober \u2013 Lazy Sunday Afternoon<\/strong><br data-start=\"1340\" data-end=\"1343\" \/>Een inspiratiebijeenkomst voor lokale initiatiefnemers. We zoeken icoonprojecten die biodiversiteit in Gaasterland versterken en verbinden ze met nieuwe kennis, partners en kansen.<\/p>\n<\/li>\n<\/ul>\n[\/vc_column_text][\/vc_column_inner][vc_column_inner width=&#8221;1\/6&#8243;][\/vc_column_inner][\/vc_row_inner][\/vc_column][\/vc_row][vc_row content_placement=&#8221;middle&#8221;][vc_column][vc_row_inner][vc_column_inner width=&#8221;1\/2&#8243;]<h2 class=\"vcex-heading vcex-heading-plain vcex-module wpex-heading wpex-text-2xl\"><span class=\"vcex-heading-inner wpex-inline-block\">Waarom BROED?<\/span><\/h2>[vc_column_text]Bij BROED leer je wat jij kunt doen voor biodiversiteit in je tuin, in je omgeving, op je erf, op je bedrijf, op vakantie en met wat je op je bord schept!<\/p>\n<p>BROED willen we elk jaar in mei organiseren. Elk jaar in een ander landschap.<\/p>\n<p>In mei is de lente in volle gang. Vogels zijn aan het broeden, overal zijn de blaadjes weer aan de bomen, er staat van alles in bloei. Het is elk jaar weer een nieuw begin.[\/vc_column_text][\/vc_column_inner][vc_column_inner width=&#8221;1\/2&#8243;]<h2 class=\"vcex-heading vcex-heading-plain vcex-module wpex-heading wpex-text-2xl\"><span class=\"vcex-heading-inner wpex-inline-block\">Het team achter BROED<\/span><\/h2>[vc_column_text]Dit festival is met veel enthousiasme uitgebroed en wordt nu voor de 2e keer georganiseerd in de lente. Met ongeveer 100 vrijwilligers, productiemedewerkers, medewerkers van Nije Leije, horeca, verschillende standhouders, sprekers en artiesten gaan we er ook dit jaar weer een echt BROEDsucces van maken!<\/p>\n<p>Hieronder stellen we het BROED productie-team aan je voor:[\/vc_column_text][\/vc_column_inner][\/vc_row_inner][\/vc_column][\/vc_row][vc_row content_placement=&#8221;middle&#8221;][vc_column width=&#8221;1\/3&#8243;]<div class=\"vcex-flex-container vcex-module wpex-flex wpex-gap-20 wpex-items-center\"><style>.vcex-image.vcex_69f0b97dd97dd .vcex-image-img{border-radius:var(--wpex-rounded-full);}<\/style><figure class=\"vcex-image vcex-module vcex_69f0b97dd97dd\"><div class=\"vcex-image-inner wpex-relative wpex-inline-block\"><img loading=\"lazy\" class=\"vcex-image-img wpex-align-middle\" decoding=\"async\" src=\"https:\/\/biodiversiteit.frl\/broed\/wp-content\/uploads\/2023\/04\/Marcia-150x150.jpg\" alt=\"\" srcset=\"https:\/\/biodiversiteit.frl\/broed\/wp-content\/uploads\/2023\/04\/Marcia-150x150.jpg 150w, https:\/\/biodiversiteit.frl\/broed\/wp-content\/uploads\/2023\/04\/Marcia.jpg 300w, https:\/\/biodiversiteit.frl\/broed\/wp-content\/uploads\/2023\/04\/Marcia-100x100.jpg 100w, https:\/\/biodiversiteit.frl\/broed\/wp-content\/uploads\/2023\/04\/Marcia-200x200.jpg 200w\" width=\"150\" height=\"150\"><\/div><\/figure><h4 class=\"vcex-heading vcex-heading-plain vcex-module wpex-heading wpex-text-2xl\"><span class=\"vcex-heading-inner wpex-inline-block\">Marcia de Graaff (Creatief Producent)<\/span><\/h4><\/div>[\/vc_column][vc_column width=&#8221;1\/3&#8243;]<div class=\"vcex-flex-container vcex-module wpex-flex wpex-gap-20 wpex-items-center\"><style>.vcex-image.vcex_69f0b97ddd0eb .vcex-image-img{border-radius:var(--wpex-rounded-full);}<\/style><figure class=\"vcex-image vcex-module vcex_69f0b97ddd0eb\"><div class=\"vcex-image-inner wpex-relative wpex-inline-block\"><img loading=\"lazy\" class=\"vcex-image-img wpex-align-middle\" decoding=\"async\" src=\"https:\/\/biodiversiteit.frl\/broed\/wp-content\/uploads\/2023\/04\/Sanne-150x150.jpeg\" alt=\"\" srcset=\"https:\/\/biodiversiteit.frl\/broed\/wp-content\/uploads\/2023\/04\/Sanne-150x150.jpeg 150w, https:\/\/biodiversiteit.frl\/broed\/wp-content\/uploads\/2023\/04\/Sanne-200x200.jpeg 200w\" width=\"150\" height=\"150\"><\/div><\/figure><h4 class=\"vcex-heading vcex-heading-plain vcex-module wpex-heading wpex-text-2xl\"><span class=\"vcex-heading-inner wpex-inline-block\">Sanne Terpstra (Technisch Producent)<\/span><\/h4><\/div>[\/vc_column][vc_column width=&#8221;1\/3&#8243;]<div class=\"vcex-flex-container vcex-module wpex-flex wpex-gap-20 wpex-items-center\"><style>.vcex-image.vcex_69f0b97ddf182 .vcex-image-img{border-radius:var(--wpex-rounded-full);}<\/style><figure class=\"vcex-image vcex-module vcex_69f0b97ddf182\"><div class=\"vcex-image-inner wpex-relative wpex-inline-block\"><img loading=\"lazy\" class=\"vcex-image-img wpex-align-middle\" decoding=\"async\" src=\"https:\/\/biodiversiteit.frl\/broed\/wp-content\/uploads\/2023\/04\/Bianca-1-150x150.jpg\" alt=\"\" srcset=\"https:\/\/biodiversiteit.frl\/broed\/wp-content\/uploads\/2023\/04\/Bianca-1-150x150.jpg 150w, https:\/\/biodiversiteit.frl\/broed\/wp-content\/uploads\/2023\/04\/Bianca-1-200x200.jpg 200w\" width=\"150\" height=\"150\"><\/div><\/figure><h4 class=\"vcex-heading vcex-heading-plain vcex-module wpex-heading wpex-text-2xl\"><span class=\"vcex-heading-inner wpex-inline-block\">Bianca van Reenen (Marketeer)<\/span><\/h4><\/div>[\/vc_column][\/vc_row][vc_row disable_element=&#8221;yes&#8221;][vc_column][vc_row_inner gap=&#8221;10&#8243;][vc_column_inner width=&#8221;1\/2&#8243;]<h2 class=\"vcex-heading vcex-heading-plain vcex-module wpex-heading wpex-text-2xl\"><span class=\"vcex-heading-inner wpex-inline-block\">Biodiverse regio<\/span><\/h2>[vc_column_text]Waar het biodiversiteitsfestival BROED landt willen we de biodiversiteit in de regio een extra boost geven. Daarom roepen we de regio waarin BROED plaatsvindt uit tot \u2018Biodiverse regio\u2019. Dit jaar is dat <strong>Bouhoeke, Bildt en Waddenkust<\/strong>!<\/p>\n<p>Werken aan biodiversiteit in deze regio kan alleen samen met initiatieven uit de regio. We willen daarom graag weten welke biodiversiteitsinitiatieven er zijn in de Bouhoeke, het Bildt en aan de Waddenkust. Dit kunnen zowel bestaande als nieuwe initiatieven zijn. En zowel van boeren, particulieren als bedrijven.<\/p>\n<p>Er is ruimte om met idee\u00ebn te komen hoe wij initiatieven in de Biodiverse regio extra kunnen ondersteunen. Denk hierbij aan een gebiedsspecifieke inspiratie- en netwerkbijeenkomst, advies bij het maken van plannen of het vinden van de juiste personen voor jouw intitiatief. We denken graag met je mee. Wil jij dit jaar als initiatief uit de Biodiverse regio extra ondersteuning krijgen? Neem <a href=\"mailto:info@broed.frl\" target=\"_blank\" rel=\"noopener\">contact<\/a> op met het productieteam van BROED.[\/vc_column_text][\/vc_column_inner][vc_column_inner width=&#8221;1\/2&#8243;]<figure class=\"vcex-image vcex-module\"><div class=\"vcex-image-inner wpex-relative wpex-inline-block\"><img width=\"1200\" height=\"800\" src=\"https:\/\/biodiversiteit.frl\/broed\/wp-content\/uploads\/2024\/04\/19.-BROED-2023-zonder-LOGO.jpg\" class=\"vcex-image-img wpex-align-middle\" alt=\"\" loading=\"lazy\" decoding=\"async\" srcset=\"https:\/\/biodiversiteit.frl\/broed\/wp-content\/uploads\/2024\/04\/19.-BROED-2023-zonder-LOGO.jpg 1200w, https:\/\/biodiversiteit.frl\/broed\/wp-content\/uploads\/2024\/04\/19.-BROED-2023-zonder-LOGO-300x200.jpg 300w, https:\/\/biodiversiteit.frl\/broed\/wp-content\/uploads\/2024\/04\/19.-BROED-2023-zonder-LOGO-1024x683.jpg 1024w, https:\/\/biodiversiteit.frl\/broed\/wp-content\/uploads\/2024\/04\/19.-BROED-2023-zonder-LOGO-768x512.jpg 768w\" sizes=\"auto, (max-width: 1200px) 100vw, 1200px\" \/><\/div><\/figure>[\/vc_column_inner][\/vc_row_inner][\/vc_column][\/vc_row][vc_row full_width=&#8221;stretch_row&#8221; css=&#8221;.vc_custom_1678793018279{background-color: #d1dcae !important;}&#8221;][vc_column][vc_row_inner][vc_column_inner width=&#8221;2\/3&#8243; offset=&#8221;vc_col-lg-offset-2 vc_col-md-offset-2 vc_col-sm-offset-2&#8243;]<h2 class=\"vcex-heading vcex-heading-plain vcex-module wpex-heading wpex-text-2xl wpex-text-center\"><span class=\"vcex-heading-inner wpex-inline-block\">Herstelprogramma Biodiversiteit Frysl\u00e2n<\/span><\/h2>[vc_column_text text_align=&#8221;center&#8221;]BROED is een initiatief van Kening en onderdeel van het Herstelprogramma Biodiversiteit Frysl\u00e2n. Een programma waarin verschillende partners zich inzetten voor biodiversiteit in de provincie. Samen willen zij de neergaande lijn van soortenrijkdom ombuigen naar een opgaande lijn.<\/p>\n<p>Aan BROED werken vele partners mee, waaronder IVN, Provincie Frysl\u00e2n, Gemeente Leeuwarden, Cruydt-Hoeck en vele anderen.[\/vc_column_text][\/vc_column_inner][\/vc_row_inner][vc_row_inner][vc_column_inner width=&#8221;1\/2&#8243;][vc_column_text]\n<h3>Kening<\/h3>\n<p>Kening werkt aan een welvarend landschap, waarin mensen en andere levende wezens in balans samenleven. Kening verbindt bestaande kennis, kunst, cultuur met concrete acties.[\/vc_column_text]<a href=\"https:\/\/www.kening.frl\/\" class=\"vcex-button theme-button align-left inline\" target=\"_blank\" rel=\"noopener noreferrer\"><span class=\"vcex-button-inner theme-button-inner\">Kening.frl<\/span><\/a> [\/vc_column_inner][vc_column_inner width=&#8221;1\/2&#8243;][vc_column_text]\n<h3>Platform biodiversiteit.frl<\/h3>\n<p>Inspiratie nodig? Kijk ook eens op dit platform van het Herstelprogramma Biodiversiteit Frysl\u00e2n! Op biodiversiteit.frl komt kennis over biodiversiteitsherstel, projecten, organisaties en activiteiten in de provincie samen op \u00e9\u00e9n centrale plek.[\/vc_column_text]<a href=\"https:\/\/biodiversiteit.frl\/\" class=\"vcex-button theme-button align-left inline\" target=\"_blank\" rel=\"noopener noreferrer\"><span class=\"vcex-button-inner theme-button-inner\">Platform biodiversiteit.frl<\/span><\/a> [\/vc_column_inner][\/vc_row_inner][\/vc_column][\/vc_row][vc_row][vc_column]<h2 class=\"vcex-heading vcex-heading-plain vcex-module wpex-heading wpex-text-2xl wpex-text-center\"><span class=\"vcex-heading-inner wpex-inline-block\">Partners<\/span><\/h2><div class=\"vcex-image-grid-wrap wpex-clr\"><div class=\"vcex-module vcex-image-grid wpex-grid wpex-grid-cols-4 wpex-tp-grid-cols-2 wpex-pp-grid-cols-1 wpex-gap-20 wpex-lightbox-group grid-partners\"><div class=\"id-48 vcex-image-grid-entry vcex-grid-item textcenter wpex-flex wpex-flex-col wpex-flex-grow\"><figure class=\"vcex-image-grid-entry-figure wpex-last-mb-0 wpex-clr\"><div class=\"vcex-image-grid-entry-img entry-media wpex-mb-20\"><a href=\"https:\/\/biodiversiteit.frl\/broed\/wp-content\/uploads\/2023\/02\/logo-kening.png\" class=\"vcex-image-grid-entry-link wpex-lightbox-group-item\" ><img width=\"112\" height=\"66\" src=\"https:\/\/biodiversiteit.frl\/broed\/wp-content\/uploads\/2023\/02\/logo-kening.png\" class=\"wpex-align-middle\" alt=\"\" loading=\"lazy\" decoding=\"async\" srcset=\"https:\/\/biodiversiteit.frl\/broed\/wp-content\/uploads\/2023\/02\/logo-kening.png 112w, https:\/\/biodiversiteit.frl\/broed\/wp-content\/uploads\/2023\/02\/logo-kening-80x47.png 80w\" sizes=\"auto, (max-width: 112px) 100vw, 112px\" \/><\/a><\/div><figcaption class=\"vcex-image-grid-entry-title wpex-mb-10 wpex-clr\"><div class=\"entry-title\">Kening<\/div><\/figcaption><\/figure><\/div><div class=\"id-50 vcex-image-grid-entry vcex-grid-item textcenter wpex-flex wpex-flex-col wpex-flex-grow\"><figure class=\"vcex-image-grid-entry-figure wpex-last-mb-0 wpex-clr\"><div class=\"vcex-image-grid-entry-img entry-media wpex-mb-20\"><a href=\"https:\/\/biodiversiteit.frl\/broed\/wp-content\/uploads\/2023\/02\/logo-biodv.svg\" class=\"vcex-image-grid-entry-link wpex-lightbox-group-item\" ><img width=\"100\" height=\"78\" src=\"https:\/\/biodiversiteit.frl\/broed\/wp-content\/uploads\/2023\/02\/logo-biodv.svg\" class=\"wpex-align-middle\" alt=\"\" loading=\"lazy\" decoding=\"async\" \/><\/a><\/div><figcaption class=\"vcex-image-grid-entry-title wpex-mb-10 wpex-clr\"><div class=\"entry-title\">Herstelprogramma Biodiversiteit Frysl\u00e2n<\/div><\/figcaption><\/figure><\/div><div class=\"id-189 vcex-image-grid-entry vcex-grid-item textcenter wpex-flex wpex-flex-col wpex-flex-grow\"><figure class=\"vcex-image-grid-entry-figure wpex-last-mb-0 wpex-clr\"><div class=\"vcex-image-grid-entry-img entry-media wpex-mb-20\"><a href=\"https:\/\/biodiversiteit.frl\/broed\/wp-content\/uploads\/2023\/03\/provincie-fryslan-kleur.png\" class=\"vcex-image-grid-entry-link wpex-lightbox-group-item\" ><img width=\"217\" height=\"51\" src=\"https:\/\/biodiversiteit.frl\/broed\/wp-content\/uploads\/2023\/03\/provincie-fryslan-kleur.png\" class=\"wpex-align-middle\" alt=\"\" loading=\"lazy\" decoding=\"async\" \/><\/a><\/div><figcaption class=\"vcex-image-grid-entry-title wpex-mb-10 wpex-clr\"><div class=\"entry-title\">Provincie Frysl\u00e2n<\/div><\/figcaption><\/figure><\/div><div class=\"id-1072 vcex-image-grid-entry vcex-grid-item textcenter wpex-flex wpex-flex-col wpex-flex-grow\"><figure class=\"vcex-image-grid-entry-figure wpex-last-mb-0 wpex-clr\"><div class=\"vcex-image-grid-entry-img entry-media wpex-mb-20\"><a href=\"https:\/\/biodiversiteit.frl\/broed\/wp-content\/uploads\/2023\/11\/gemeente-leeuwarden-logo.png\" class=\"vcex-image-grid-entry-link wpex-lightbox-group-item\" ><img width=\"1500\" height=\"1500\" src=\"https:\/\/biodiversiteit.frl\/broed\/wp-content\/uploads\/2023\/11\/gemeente-leeuwarden-logo.png\" class=\"wpex-align-middle\" alt=\"\" loading=\"lazy\" decoding=\"async\" srcset=\"https:\/\/biodiversiteit.frl\/broed\/wp-content\/uploads\/2023\/11\/gemeente-leeuwarden-logo.png 1500w, https:\/\/biodiversiteit.frl\/broed\/wp-content\/uploads\/2023\/11\/gemeente-leeuwarden-logo-300x300.png 300w, https:\/\/biodiversiteit.frl\/broed\/wp-content\/uploads\/2023\/11\/gemeente-leeuwarden-logo-1024x1024.png 1024w, https:\/\/biodiversiteit.frl\/broed\/wp-content\/uploads\/2023\/11\/gemeente-leeuwarden-logo-150x150.png 150w, https:\/\/biodiversiteit.frl\/broed\/wp-content\/uploads\/2023\/11\/gemeente-leeuwarden-logo-768x768.png 768w\" sizes=\"auto, (max-width: 1500px) 100vw, 1500px\" \/><\/a><\/div><figcaption class=\"vcex-image-grid-entry-title wpex-mb-10 wpex-clr\"><div class=\"entry-title\">Gemeente Leeuwarden<\/div><\/figcaption><\/figure><\/div><div class=\"id-680 vcex-image-grid-entry vcex-grid-item textcenter wpex-flex wpex-flex-col wpex-flex-grow\"><figure class=\"vcex-image-grid-entry-figure wpex-last-mb-0 wpex-clr\"><div class=\"vcex-image-grid-entry-img entry-media wpex-mb-20\"><a href=\"https:\/\/biodiversiteit.frl\/broed\/wp-content\/uploads\/2023\/04\/logo-IVN_RGB-01.png\" class=\"vcex-image-grid-entry-link wpex-lightbox-group-item\" ><img width=\"4070\" height=\"1160\" src=\"https:\/\/biodiversiteit.frl\/broed\/wp-content\/uploads\/2023\/04\/logo-IVN_RGB-01.png\" class=\"wpex-align-middle\" alt=\"\" loading=\"lazy\" decoding=\"async\" srcset=\"https:\/\/biodiversiteit.frl\/broed\/wp-content\/uploads\/2023\/04\/logo-IVN_RGB-01.png 4070w, https:\/\/biodiversiteit.frl\/broed\/wp-content\/uploads\/2023\/04\/logo-IVN_RGB-01-300x86.png 300w, https:\/\/biodiversiteit.frl\/broed\/wp-content\/uploads\/2023\/04\/logo-IVN_RGB-01-1024x292.png 1024w, https:\/\/biodiversiteit.frl\/broed\/wp-content\/uploads\/2023\/04\/logo-IVN_RGB-01-768x219.png 768w, https:\/\/biodiversiteit.frl\/broed\/wp-content\/uploads\/2023\/04\/logo-IVN_RGB-01-1536x438.png 1536w, https:\/\/biodiversiteit.frl\/broed\/wp-content\/uploads\/2023\/04\/logo-IVN_RGB-01-2048x584.png 2048w, https:\/\/biodiversiteit.frl\/broed\/wp-content\/uploads\/2023\/04\/logo-IVN_RGB-01-281x80.png 281w\" sizes=\"auto, (max-width: 4070px) 100vw, 4070px\" \/><\/a><\/div><figcaption class=\"vcex-image-grid-entry-title wpex-mb-10 wpex-clr\"><div class=\"entry-title\">IVN Natuureducatie<\/div><\/figcaption><\/figure><\/div><div class=\"id-1154 vcex-image-grid-entry vcex-grid-item textcenter wpex-flex wpex-flex-col wpex-flex-grow\"><figure class=\"vcex-image-grid-entry-figure wpex-last-mb-0 wpex-clr\"><div class=\"vcex-image-grid-entry-img entry-media wpex-mb-20\"><a href=\"https:\/\/biodiversiteit.frl\/broed\/wp-content\/uploads\/2024\/03\/Logo-deltaplan-biodiversiteitsherstel.png\" class=\"vcex-image-grid-entry-link wpex-lightbox-group-item\" ><img width=\"808\" height=\"355\" src=\"https:\/\/biodiversiteit.frl\/broed\/wp-content\/uploads\/2024\/03\/Logo-deltaplan-biodiversiteitsherstel.png\" class=\"wpex-align-middle\" alt=\"\" loading=\"lazy\" decoding=\"async\" srcset=\"https:\/\/biodiversiteit.frl\/broed\/wp-content\/uploads\/2024\/03\/Logo-deltaplan-biodiversiteitsherstel.png 808w, https:\/\/biodiversiteit.frl\/broed\/wp-content\/uploads\/2024\/03\/Logo-deltaplan-biodiversiteitsherstel-300x132.png 300w, https:\/\/biodiversiteit.frl\/broed\/wp-content\/uploads\/2024\/03\/Logo-deltaplan-biodiversiteitsherstel-768x337.png 768w\" sizes=\"auto, (max-width: 808px) 100vw, 808px\" \/><\/a><\/div><figcaption class=\"vcex-image-grid-entry-title wpex-mb-10 wpex-clr\"><div class=\"entry-title\">Deltaplan Biodiversiteitsherstel<\/div><\/figcaption><\/figure><\/div><div class=\"id-1161 vcex-image-grid-entry vcex-grid-item textcenter wpex-flex wpex-flex-col wpex-flex-grow\"><figure class=\"vcex-image-grid-entry-figure wpex-last-mb-0 wpex-clr\"><div class=\"vcex-image-grid-entry-img entry-media wpex-mb-20\"><a href=\"https:\/\/biodiversiteit.frl\/broed\/wp-content\/uploads\/2024\/03\/logo-Nije-Leije.png\" class=\"vcex-image-grid-entry-link wpex-lightbox-group-item\" ><img width=\"2500\" height=\"542\" src=\"https:\/\/biodiversiteit.frl\/broed\/wp-content\/uploads\/2024\/03\/logo-Nije-Leije.png\" class=\"wpex-align-middle\" alt=\"\" loading=\"lazy\" decoding=\"async\" srcset=\"https:\/\/biodiversiteit.frl\/broed\/wp-content\/uploads\/2024\/03\/logo-Nije-Leije.png 2500w, https:\/\/biodiversiteit.frl\/broed\/wp-content\/uploads\/2024\/03\/logo-Nije-Leije-300x65.png 300w, https:\/\/biodiversiteit.frl\/broed\/wp-content\/uploads\/2024\/03\/logo-Nije-Leije-1024x222.png 1024w, https:\/\/biodiversiteit.frl\/broed\/wp-content\/uploads\/2024\/03\/logo-Nije-Leije-768x167.png 768w, https:\/\/biodiversiteit.frl\/broed\/wp-content\/uploads\/2024\/03\/logo-Nije-Leije-1536x333.png 1536w, https:\/\/biodiversiteit.frl\/broed\/wp-content\/uploads\/2024\/03\/logo-Nije-Leije-2048x444.png 2048w\" sizes=\"auto, (max-width: 2500px) 100vw, 2500px\" \/><\/a><\/div><figcaption class=\"vcex-image-grid-entry-title wpex-mb-10 wpex-clr\"><div class=\"entry-title\">Nije Leije<\/div><\/figcaption><\/figure><\/div><\/div><\/div><div class=\"theme-button-wrap textcenter wpex-clr\"><a href=\"https:\/\/biodiversiteit.frl\/broed\/partners\/\" class=\"vcex-button theme-button align-center inline\" target=\"_blank\" rel=\"noopener noreferrer\"><span class=\"vcex-button-inner theme-button-inner\">Meer partners<\/span><\/a><\/div> [\/vc_column][\/vc_row]\n<\/div>","protected":false},"excerpt":{"rendered":"<p>[vc_row css=&#8221;.vc_custom_1678179384059{padding-top: 0px !important;}&#8221;][vc_column width=&#8221;2\/3&#8243; offset=&#8221;vc_col-lg-offset-2 vc_col-md-offset-2 vc_col-sm-offset-2&#8243;][vc_column_text text_align=&#8221;center&#8221;] BROED Biodiversiteitsfestival geeft je handige tools en tips om zelf aan de slag te gaan met biodiversiteit. [\/vc_column_text][\/vc_column][\/vc_row][vc_row][vc_column][vc_row_inner gap=&#8221;10&#8243;][vc_column_inner width=&#8221;1\/2&#8243;][vc_column_text css=&#8221;&#8221;]Tijdens de Gaasterlandse Natuurweek vind je ook BROED 2025 \u2013 van 19 t\/m 26 oktober: brengen we mensen, kennis en creativiteit samen rond \u00e9\u00e9n centrale vraag:&hellip;<\/p>\n","protected":false},"author":1,"featured_media":200,"parent":0,"menu_order":0,"comment_status":"closed","ping_status":"closed","template":"","meta":{"inline_featured_image":false,"_monsterinsights_skip_tracking":false,"_monsterinsights_sitenote_active":false,"_monsterinsights_sitenote_note":"","_monsterinsights_sitenote_category":0,"footnotes":""},"class_list":["post-84","page","type-page","status-publish","has-post-thumbnail","hentry","entry","has-media"],"yoast_head":"<!-- This site is optimized with the Yoast SEO plugin v27.4 - https:\/\/yoast.com\/product\/yoast-seo-wordpress\/ -->\n<title>Over BROED - BROED<\/title>\n<meta name=\"robots\" content=\"index, follow, max-snippet:-1, max-image-preview:large, max-video-preview:-1\" \/>\n<link rel=\"canonical\" href=\"https:\/\/biodiversiteit.frl\/broed\/over-broed\/\" \/>\n<meta property=\"og:locale\" content=\"nl_NL\" \/>\n<meta property=\"og:type\" content=\"article\" \/>\n<meta property=\"og:title\" content=\"Over BROED - BROED\" \/>\n<meta property=\"og:description\" content=\"[vc_row css=&#8221;.vc_custom_1678179384059{padding-top: 0px !important;}&#8221;][vc_column width=&#8221;2\/3&#8243; offset=&#8221;vc_col-lg-offset-2 vc_col-md-offset-2 vc_col-sm-offset-2&#8243;][vc_column_text text_align=&#8221;center&#8221;] BROED Biodiversiteitsfestival geeft je handige tools en tips om zelf aan de slag te gaan met biodiversiteit. [\/vc_column_text][\/vc_column][\/vc_row][vc_row][vc_column][vc_row_inner gap=&#8221;10&#8243;][vc_column_inner width=&#8221;1\/2&#8243;][vc_column_text css=&#8221;&#8221;]Tijdens de Gaasterlandse Natuurweek vind je ook BROED 2025 \u2013 van 19 t\/m 26 oktober: brengen we mensen, kennis en creativiteit samen rond \u00e9\u00e9n centrale vraag:&hellip;\" \/>\n<meta property=\"og:url\" content=\"https:\/\/biodiversiteit.frl\/broed\/over-broed\/\" \/>\n<meta property=\"og:site_name\" content=\"BROED\" \/>\n<meta property=\"article:modified_time\" content=\"2025-07-21T11:25:29+00:00\" \/>\n<meta property=\"og:image\" content=\"https:\/\/biodiversiteit.frl\/broed\/wp-content\/uploads\/2023\/03\/programm-broed-fallback.jpg\" \/>\n\t<meta property=\"og:image:width\" content=\"400\" \/>\n\t<meta property=\"og:image:height\" content=\"250\" \/>\n\t<meta property=\"og:image:type\" content=\"image\/jpeg\" \/>\n<meta name=\"twitter:card\" content=\"summary_large_image\" \/>\n<meta name=\"twitter:label1\" content=\"Geschatte leestijd\" \/>\n\t<meta name=\"twitter:data1\" content=\"5 minuten\" \/>\n<script type=\"application\/ld+json\" class=\"yoast-schema-graph\">{\"@context\":\"https:\\\/\\\/schema.org\",\"@graph\":[{\"@type\":\"WebPage\",\"@id\":\"https:\\\/\\\/biodiversiteit.frl\\\/broed\\\/over-broed\\\/\",\"url\":\"https:\\\/\\\/biodiversiteit.frl\\\/broed\\\/over-broed\\\/\",\"name\":\"Over BROED - BROED\",\"isPartOf\":{\"@id\":\"https:\\\/\\\/biodiversiteit.frl\\\/broed\\\/#website\"},\"primaryImageOfPage\":{\"@id\":\"https:\\\/\\\/biodiversiteit.frl\\\/broed\\\/over-broed\\\/#primaryimage\"},\"image\":{\"@id\":\"https:\\\/\\\/biodiversiteit.frl\\\/broed\\\/over-broed\\\/#primaryimage\"},\"thumbnailUrl\":\"https:\\\/\\\/biodiversiteit.frl\\\/broed\\\/wp-content\\\/uploads\\\/2023\\\/03\\\/programm-broed-fallback.jpg\",\"datePublished\":\"2023-03-06T15:21:09+00:00\",\"dateModified\":\"2025-07-21T11:25:29+00:00\",\"breadcrumb\":{\"@id\":\"https:\\\/\\\/biodiversiteit.frl\\\/broed\\\/over-broed\\\/#breadcrumb\"},\"inLanguage\":\"nl-NL\",\"potentialAction\":[{\"@type\":\"ReadAction\",\"target\":[\"https:\\\/\\\/biodiversiteit.frl\\\/broed\\\/over-broed\\\/\"]}]},{\"@type\":\"ImageObject\",\"inLanguage\":\"nl-NL\",\"@id\":\"https:\\\/\\\/biodiversiteit.frl\\\/broed\\\/over-broed\\\/#primaryimage\",\"url\":\"https:\\\/\\\/biodiversiteit.frl\\\/broed\\\/wp-content\\\/uploads\\\/2023\\\/03\\\/programm-broed-fallback.jpg\",\"contentUrl\":\"https:\\\/\\\/biodiversiteit.frl\\\/broed\\\/wp-content\\\/uploads\\\/2023\\\/03\\\/programm-broed-fallback.jpg\",\"width\":400,\"height\":250},{\"@type\":\"BreadcrumbList\",\"@id\":\"https:\\\/\\\/biodiversiteit.frl\\\/broed\\\/over-broed\\\/#breadcrumb\",\"itemListElement\":[{\"@type\":\"ListItem\",\"position\":1,\"name\":\"Home\",\"item\":\"https:\\\/\\\/biodiversiteit.frl\\\/broed\\\/\"},{\"@type\":\"ListItem\",\"position\":2,\"name\":\"Over BROED\"}]},{\"@type\":\"WebSite\",\"@id\":\"https:\\\/\\\/biodiversiteit.frl\\\/broed\\\/#website\",\"url\":\"https:\\\/\\\/biodiversiteit.frl\\\/broed\\\/\",\"name\":\"BROED\",\"description\":\"h\u00e9t biodiversiteitsfestival van het noorden!\",\"publisher\":{\"@id\":\"https:\\\/\\\/biodiversiteit.frl\\\/broed\\\/#organization\"},\"potentialAction\":[{\"@type\":\"SearchAction\",\"target\":{\"@type\":\"EntryPoint\",\"urlTemplate\":\"https:\\\/\\\/biodiversiteit.frl\\\/broed\\\/?s={search_term_string}\"},\"query-input\":{\"@type\":\"PropertyValueSpecification\",\"valueRequired\":true,\"valueName\":\"search_term_string\"}}],\"inLanguage\":\"nl-NL\"},{\"@type\":\"Organization\",\"@id\":\"https:\\\/\\\/biodiversiteit.frl\\\/broed\\\/#organization\",\"name\":\"BROED\",\"url\":\"https:\\\/\\\/biodiversiteit.frl\\\/broed\\\/\",\"logo\":{\"@type\":\"ImageObject\",\"inLanguage\":\"nl-NL\",\"@id\":\"https:\\\/\\\/biodiversiteit.frl\\\/broed\\\/#\\\/schema\\\/logo\\\/image\\\/\",\"url\":\"https:\\\/\\\/biodiversiteit.frl\\\/broed\\\/wp-content\\\/uploads\\\/2023\\\/03\\\/broed-logo.svg\",\"contentUrl\":\"https:\\\/\\\/biodiversiteit.frl\\\/broed\\\/wp-content\\\/uploads\\\/2023\\\/03\\\/broed-logo.svg\",\"width\":182,\"height\":150,\"caption\":\"BROED\"},\"image\":{\"@id\":\"https:\\\/\\\/biodiversiteit.frl\\\/broed\\\/#\\\/schema\\\/logo\\\/image\\\/\"}}]}<\/script>\n<!-- \/ Yoast SEO plugin. -->","yoast_head_json":{"title":"Over BROED - BROED","robots":{"index":"index","follow":"follow","max-snippet":"max-snippet:-1","max-image-preview":"max-image-preview:large","max-video-preview":"max-video-preview:-1"},"canonical":"https:\/\/biodiversiteit.frl\/broed\/over-broed\/","og_locale":"nl_NL","og_type":"article","og_title":"Over BROED - BROED","og_description":"[vc_row css=&#8221;.vc_custom_1678179384059{padding-top: 0px !important;}&#8221;][vc_column width=&#8221;2\/3&#8243; offset=&#8221;vc_col-lg-offset-2 vc_col-md-offset-2 vc_col-sm-offset-2&#8243;][vc_column_text text_align=&#8221;center&#8221;] BROED Biodiversiteitsfestival geeft je handige tools en tips om zelf aan de slag te gaan met biodiversiteit. [\/vc_column_text][\/vc_column][\/vc_row][vc_row][vc_column][vc_row_inner gap=&#8221;10&#8243;][vc_column_inner width=&#8221;1\/2&#8243;][vc_column_text css=&#8221;&#8221;]Tijdens de Gaasterlandse Natuurweek vind je ook BROED 2025 \u2013 van 19 t\/m 26 oktober: brengen we mensen, kennis en creativiteit samen rond \u00e9\u00e9n centrale vraag:&hellip;","og_url":"https:\/\/biodiversiteit.frl\/broed\/over-broed\/","og_site_name":"BROED","article_modified_time":"2025-07-21T11:25:29+00:00","og_image":[{"width":400,"height":250,"url":"https:\/\/biodiversiteit.frl\/broed\/wp-content\/uploads\/2023\/03\/programm-broed-fallback.jpg","type":"image\/jpeg"}],"twitter_card":"summary_large_image","twitter_misc":{"Geschatte leestijd":"5 minuten"},"schema":{"@context":"https:\/\/schema.org","@graph":[{"@type":"WebPage","@id":"https:\/\/biodiversiteit.frl\/broed\/over-broed\/","url":"https:\/\/biodiversiteit.frl\/broed\/over-broed\/","name":"Over BROED - BROED","isPartOf":{"@id":"https:\/\/biodiversiteit.frl\/broed\/#website"},"primaryImageOfPage":{"@id":"https:\/\/biodiversiteit.frl\/broed\/over-broed\/#primaryimage"},"image":{"@id":"https:\/\/biodiversiteit.frl\/broed\/over-broed\/#primaryimage"},"thumbnailUrl":"https:\/\/biodiversiteit.frl\/broed\/wp-content\/uploads\/2023\/03\/programm-broed-fallback.jpg","datePublished":"2023-03-06T15:21:09+00:00","dateModified":"2025-07-21T11:25:29+00:00","breadcrumb":{"@id":"https:\/\/biodiversiteit.frl\/broed\/over-broed\/#breadcrumb"},"inLanguage":"nl-NL","potentialAction":[{"@type":"ReadAction","target":["https:\/\/biodiversiteit.frl\/broed\/over-broed\/"]}]},{"@type":"ImageObject","inLanguage":"nl-NL","@id":"https:\/\/biodiversiteit.frl\/broed\/over-broed\/#primaryimage","url":"https:\/\/biodiversiteit.frl\/broed\/wp-content\/uploads\/2023\/03\/programm-broed-fallback.jpg","contentUrl":"https:\/\/biodiversiteit.frl\/broed\/wp-content\/uploads\/2023\/03\/programm-broed-fallback.jpg","width":400,"height":250},{"@type":"BreadcrumbList","@id":"https:\/\/biodiversiteit.frl\/broed\/over-broed\/#breadcrumb","itemListElement":[{"@type":"ListItem","position":1,"name":"Home","item":"https:\/\/biodiversiteit.frl\/broed\/"},{"@type":"ListItem","position":2,"name":"Over BROED"}]},{"@type":"WebSite","@id":"https:\/\/biodiversiteit.frl\/broed\/#website","url":"https:\/\/biodiversiteit.frl\/broed\/","name":"BROED","description":"h\u00e9t biodiversiteitsfestival van het noorden!","publisher":{"@id":"https:\/\/biodiversiteit.frl\/broed\/#organization"},"potentialAction":[{"@type":"SearchAction","target":{"@type":"EntryPoint","urlTemplate":"https:\/\/biodiversiteit.frl\/broed\/?s={search_term_string}"},"query-input":{"@type":"PropertyValueSpecification","valueRequired":true,"valueName":"search_term_string"}}],"inLanguage":"nl-NL"},{"@type":"Organization","@id":"https:\/\/biodiversiteit.frl\/broed\/#organization","name":"BROED","url":"https:\/\/biodiversiteit.frl\/broed\/","logo":{"@type":"ImageObject","inLanguage":"nl-NL","@id":"https:\/\/biodiversiteit.frl\/broed\/#\/schema\/logo\/image\/","url":"https:\/\/biodiversiteit.frl\/broed\/wp-content\/uploads\/2023\/03\/broed-logo.svg","contentUrl":"https:\/\/biodiversiteit.frl\/broed\/wp-content\/uploads\/2023\/03\/broed-logo.svg","width":182,"height":150,"caption":"BROED"},"image":{"@id":"https:\/\/biodiversiteit.frl\/broed\/#\/schema\/logo\/image\/"}}]}},"_links":{"self":[{"href":"https:\/\/biodiversiteit.frl\/broed\/wp-json\/wp\/v2\/pages\/84","targetHints":{"allow":["GET"]}}],"collection":[{"href":"https:\/\/biodiversiteit.frl\/broed\/wp-json\/wp\/v2\/pages"}],"about":[{"href":"https:\/\/biodiversiteit.frl\/broed\/wp-json\/wp\/v2\/types\/page"}],"author":[{"embeddable":true,"href":"https:\/\/biodiversiteit.frl\/broed\/wp-json\/wp\/v2\/users\/1"}],"replies":[{"embeddable":true,"href":"https:\/\/biodiversiteit.frl\/broed\/wp-json\/wp\/v2\/comments?post=84"}],"version-history":[{"count":5,"href":"https:\/\/biodiversiteit.frl\/broed\/wp-json\/wp\/v2\/pages\/84\/revisions"}],"predecessor-version":[{"id":1739,"href":"https:\/\/biodiversiteit.frl\/broed\/wp-json\/wp\/v2\/pages\/84\/revisions\/1739"}],"wp:featuredmedia":[{"embeddable":true,"href":"https:\/\/biodiversiteit.frl\/broed\/wp-json\/wp\/v2\/media\/200"}],"wp:attachment":[{"href":"https:\/\/biodiversiteit.frl\/broed\/wp-json\/wp\/v2\/media?parent=84"}],"curies":[{"name":"wp","href":"https:\/\/api.w.org\/{rel}","templated":true}]}}